{"id":38,"date":"2013-06-09T20:40:12","date_gmt":"2013-06-09T23:40:12","guid":{"rendered":"http:\/\/biucsproject.org\/blog\/?page_id=38"},"modified":"2013-06-13T22:35:24","modified_gmt":"2013-06-14T01:35:24","slug":"historia-do-tempo","status":"publish","type":"page","link":"https:\/\/biucsproject.org\/blog\/historia-do-tempo\/","title":{"rendered":"Hist\u00f3ria do Tempo"},"content":{"rendered":"<p><iframe loading=\"lazy\" src=\"http:\/\/biucsproject.org\/music\/index.html\" height=\"41\" width=\"68\" frameborder=\"0\" scrolling=\"no\"><\/iframe><\/p>\n<p align=\"center\"><b><span style=\"font-size: xx-large;\">Uma Breve Hist\u00f3ria do Tempo<\/span><\/b><\/p>\n<p align=\"JUSTIFY\">Em nosso cotidiano n\u00e3o entendemos quase nada do mundo. Pouco pensamos no mecanismo que gera a luz do Sol e possibilita a vida; na gravidade, que nos cola a uma Terra que, de outra forma, nos lan\u00e7aria em rota\u00e7\u00e3o pelo espa\u00e7o; ou nos \u00e1tomos de que somos feitos e de cuja estabilidade dependemos fundamentalmente. Com exce\u00e7\u00e3o das crian\u00e7as (que n\u00e3o sabem o suficiente para n\u00e3o fazer sen\u00e3o perguntas importantes), poucos de n\u00f3s gastamos muito tempo considerando por que a natureza \u00e9 do jeito que \u00e9; de onde surgiu o cosmo, ou se ele sempre existiu; se o tempo algum dia voltar\u00e1 atr\u00e1s, fazendo os efeitos antecederem as causas; ou ainda se existem limites m\u00e1ximos para o conhecimento humano. H\u00e1 at\u00e9 mesmo crian\u00e7as &#8211; conheci algumas delas &#8211; que querem saber com o que se parece um buraco negro; qual \u00e9 a menor por\u00e7\u00e3o da mat\u00e9ria; porque nos lembramos do passado e n\u00e3o do futuro; como se explica, se houve um caos primordial, que haja ordem agora, pelo menos aparentemente; e por que\u00a0<i>existe<\/i>\u00a0um universo.<\/p>\n<p align=\"JUSTIFY\">Em nossa sociedade n\u00e3o \u00e9 incomum que pais e professores respondam \u00e0 maioria destas perguntas com um dar de ombros, ou apelando para conceitos religiosos vagamente relembrados. Alguns n\u00e3o se satisfazem com este tipo de atitudes, porque elas exp\u00f5em visceralmente as limita\u00e7\u00f5es da compreens\u00e3o humana.<\/p>\n<p align=\"JUSTIFY\">Grande parte da filosofia e da ci\u00eancia foi impelida por estes questionamentos. Um n\u00famero crescente de adultos come\u00e7a a ousar formular perguntas deste g\u00eanero e ocasionalmente recebe respostas surpreendentes. Eq\u00fcidistantes dos \u00e1tomos e das estrelas, expandimos nosso horizonte explorat\u00f3rio para alcan\u00e7ar o conhecimento tanto dos fen\u00f4menos menores quanto dos maiores.<\/p>\n<p align=\"right\">Carl Sagan<br \/>\nCornell University<br \/>\nIthaca, Nova York<\/p>\n","protected":false},"excerpt":{"rendered":"<p>Uma Breve Hist\u00f3ria do Tempo Em nosso cotidiano n\u00e3o entendemos quase nada do mundo. Pouco pensamos no mecanismo que gera [&hellip;]<\/p>\n","protected":false},"author":2,"featured_media":0,"parent":0,"menu_order":0,"comment_status":"closed","ping_status":"open","template":"","meta":{"footnotes":""},"class_list":["post-38","page","type-page","status-publish","hentry"],"jetpack_sharing_enabled":true,"jetpack_shortlink":"https:\/\/wp.me\/P4gyB8-C","_links":{"self":[{"href":"https:\/\/biucsproject.org\/blog\/wp-json\/wp\/v2\/pages\/38","targetHints":{"allow":["GET"]}}],"collection":[{"href":"https:\/\/biucsproject.org\/blog\/wp-json\/wp\/v2\/pages"}],"about":[{"href":"https:\/\/biucsproject.org\/blog\/wp-json\/wp\/v2\/types\/page"}],"author":[{"embeddable":true,"href":"https:\/\/biucsproject.org\/blog\/wp-json\/wp\/v2\/users\/2"}],"replies":[{"embeddable":true,"href":"https:\/\/biucsproject.org\/blog\/wp-json\/wp\/v2\/comments?post=38"}],"version-history":[{"count":6,"href":"https:\/\/biucsproject.org\/blog\/wp-json\/wp\/v2\/pages\/38\/revisions"}],"predecessor-version":[{"id":272,"href":"https:\/\/biucsproject.org\/blog\/wp-json\/wp\/v2\/pages\/38\/revisions\/272"}],"wp:attachment":[{"href":"https:\/\/biucsproject.org\/blog\/wp-json\/wp\/v2\/media?parent=38"}],"curies":[{"name":"wp","href":"https:\/\/api.w.org\/{rel}","templated":true}]}}